{"id":156717,"date":"2025-06-06T13:31:24","date_gmt":"2025-06-06T11:31:24","guid":{"rendered":"https:\/\/www.anteasroma.it\/new\/?post_type=portfolio&#038;p=156717"},"modified":"2025-06-06T20:54:19","modified_gmt":"2025-06-06T18:54:19","slug":"portierato-sociale-iii-municipio","status":"publish","type":"portfolio","link":"https:\/\/www.anteasroma.it\/new\/progetti\/portierato-sociale-iii-municipio\/","title":{"rendered":"Portierato Sociale III Municipio"},"content":{"rendered":"<div class=\"wpb-content-wrapper\"><p>[vc_row row_height_percent=&#8221;0&#8243; override_padding=&#8221;yes&#8221; h_padding=&#8221;2&#8243; top_padding=&#8221;5&#8243; bottom_padding=&#8221;5&#8243; overlay_alpha=&#8221;50&#8243; gutter_size=&#8221;3&#8243; column_width_percent=&#8221;100&#8243; shift_y=&#8221;0&#8243; z_index=&#8221;0&#8243; uncode_shortcode_id=&#8221;364759&#8243;][vc_column column_width_percent=&#8221;100&#8243; gutter_size=&#8221;4&#8243; overlay_alpha=&#8221;50&#8243; shift_x=&#8221;0&#8243; shift_y=&#8221;0&#8243; shift_y_down=&#8221;0&#8243; z_index=&#8221;0&#8243; medium_width=&#8221;0&#8243; align_mobile=&#8221;align_center_mobile&#8221; mobile_width=&#8221;0&#8243; width=&#8221;1\/1&#8243; uncode_shortcode_id=&#8221;112557&#8243;][vc_custom_heading text_font=&#8221;font-169484&#8243; css_animation=&#8221;curtain-words&#8221; animation_speed=&#8221;600&#8243; uncode_shortcode_id=&#8221;214062&#8243;]Una porta aperta sul territorio, un punto fermo per chi ha bisogno[\/vc_custom_heading][vc_row_inner row_inner_height_percent=&#8221;0&#8243; overlay_alpha=&#8221;50&#8243; gutter_size=&#8221;4&#8243; shift_y=&#8221;0&#8243; z_index=&#8221;0&#8243; uncode_shortcode_id=&#8221;632177&#8243; limit_content=&#8221;&#8221;][vc_column_inner column_width_percent=&#8221;100&#8243; gutter_size=&#8221;2&#8243; overlay_alpha=&#8221;50&#8243; shift_x=&#8221;0&#8243; shift_y=&#8221;0&#8243; shift_y_down=&#8221;0&#8243; z_index=&#8221;0&#8243; medium_width=&#8221;0&#8243; mobile_width=&#8221;0&#8243; width=&#8221;1\/2&#8243; uncode_shortcode_id=&#8221;146423&#8243;][vc_column_text uncode_shortcode_id=&#8221;699237&#8243;]Nel cuore del quartiere Tufello, Anteas Roma gestisce interamente lo sportello di Portierato Sociale del Municipio III, un presidio di prossimit\u00e0 pensato per accogliere, ascoltare e orientare le persone che si trovano in situazioni di fragilit\u00e0.<\/p>\n<p><strong>Il progetto \u00e8 finanziato dal Municipio III di Roma Capitale<\/strong>, che ha scelto di investire su un modello di intervento capillare, umano e concreto. Anteas Roma ne cura ogni aspetto operativo, grazie all\u2019impegno quotidiano delle sue volontarie e dei suoi volontari, con una presenza costante e attenta all\u2019interno del territorio.[\/vc_column_text][\/vc_column_inner][vc_column_inner column_width_percent=&#8221;100&#8243; gutter_size=&#8221;2&#8243; overlay_alpha=&#8221;50&#8243; shift_x=&#8221;0&#8243; shift_y=&#8221;0&#8243; shift_y_down=&#8221;0&#8243; z_index=&#8221;0&#8243; medium_width=&#8221;0&#8243; mobile_width=&#8221;0&#8243; width=&#8221;1\/2&#8243; uncode_shortcode_id=&#8221;453961&#8243;][vc_column_text uncode_shortcode_id=&#8221;219194&#8243;]Lo sportello \u00e8 un luogo accessibile e aperto a tutte e tutti, dove si pu\u00f2 trovare un volto amico, un aiuto per orientarsi tra i servizi socio-sanitari, amministrativi e assistenziali, e una parola di conforto nei momenti difficili. Qui l\u2019ascolto \u00e8 reale, il supporto \u00e8 personalizzato e la relazione \u00e8 al centro.<\/p>\n<p>L\u2019obiettivo \u00e8 duplice: da un lato facilitare l\u2019accesso ai servizi pubblici, spesso percepiti come distanti o difficili da raggiungere; dall\u2019altro rafforzare i legami sociali all\u2019interno del quartiere, contrastando solitudine ed emarginazione.[\/vc_column_text][\/vc_column_inner][\/vc_row_inner][\/vc_column][\/vc_row][vc_row unlock_row_content=&#8221;yes&#8221; row_height_percent=&#8221;75&#8243; override_padding=&#8221;yes&#8221; h_padding=&#8221;0&#8243; top_padding=&#8221;0&#8243; bottom_padding=&#8221;0&#8243; overlay_alpha=&#8221;50&#8243; equal_height=&#8221;yes&#8221; gutter_size=&#8221;0&#8243; shift_y=&#8221;0&#8243;][vc_column column_width_percent=&#8221;100&#8243; gutter_size=&#8221;3&#8243; back_image=&#8221;156720&#8243; overlay_alpha=&#8221;50&#8243; shift_x=&#8221;0&#8243; shift_y=&#8221;0&#8243; shift_y_down=&#8221;0&#8243; z_index=&#8221;0&#8243; medium_width=&#8221;4&#8243; mobile_width=&#8221;0&#8243; zoom_width=&#8221;0&#8243; zoom_height=&#8221;0&#8243; width=&#8221;1\/2&#8243; mobile_height=&#8221;380&#8243; uncode_shortcode_id=&#8221;144073&#8243;][\/vc_column][vc_column column_width_use_pixel=&#8221;yes&#8221; position_vertical=&#8221;middle&#8221; gutter_size=&#8221;3&#8243; override_padding=&#8221;yes&#8221; column_padding=&#8221;3&#8243; overlay_alpha=&#8221;50&#8243; shift_x=&#8221;0&#8243; shift_y=&#8221;0&#8243; shift_y_down=&#8221;0&#8243; z_index=&#8221;0&#8243; medium_width=&#8221;4&#8243; align_mobile=&#8221;align_center_mobile&#8221; mobile_width=&#8221;0&#8243; zoom_width=&#8221;0&#8243; zoom_height=&#8221;0&#8243; width=&#8221;1\/2&#8243; uncode_shortcode_id=&#8221;707498&#8243; back_color_type=&#8221;uncode-solid&#8221; back_color_solid=&#8221;#f8f8fa&#8221; column_width_pixel=&#8221;400&#8243;][vc_custom_heading heading_semantic=&#8221;h6&#8243; text_size=&#8221;h5&#8243; css_animation=&#8221;bottom-t-top&#8221; animation_delay=&#8221;400&#8243; uncode_shortcode_id=&#8221;163633&#8243;]Lo sportello del Portierato Sociale al Tufello \u00e8 molto pi\u00f9 di un servizio: \u00e8 un punto di riferimento stabile, un presidio umano dentro la citt\u00e0, dove ogni persona pu\u00f2 sentirsi accolta, ascoltata e accompagnata.[\/vc_custom_heading][\/vc_column][\/vc_row][vc_row unlock_row_content=&#8221;yes&#8221; row_height_percent=&#8221;75&#8243; override_padding=&#8221;yes&#8221; h_padding=&#8221;0&#8243; top_padding=&#8221;0&#8243; bottom_padding=&#8221;0&#8243; overlay_alpha=&#8221;50&#8243; equal_height=&#8221;yes&#8221; gutter_size=&#8221;0&#8243; shift_y=&#8221;0&#8243;][vc_column column_width_use_pixel=&#8221;yes&#8221; position_vertical=&#8221;middle&#8221; gutter_size=&#8221;3&#8243; override_padding=&#8221;yes&#8221; column_padding=&#8221;3&#8243; overlay_alpha=&#8221;50&#8243; shift_x=&#8221;0&#8243; shift_y=&#8221;0&#8243; shift_y_down=&#8221;0&#8243; z_index=&#8221;0&#8243; medium_width=&#8221;4&#8243; align_mobile=&#8221;align_center_mobile&#8221; mobile_width=&#8221;0&#8243; zoom_width=&#8221;0&#8243; zoom_height=&#8221;0&#8243; width=&#8221;1\/2&#8243; uncode_shortcode_id=&#8221;707498&#8243; back_color_type=&#8221;uncode-solid&#8221; back_color_solid=&#8221;#f8f8fa&#8221; column_width_pixel=&#8221;400&#8243;][vc_custom_heading heading_semantic=&#8221;h6&#8243; text_size=&#8221;h5&#8243; css_animation=&#8221;bottom-t-top&#8221; animation_delay=&#8221;400&#8243; uncode_shortcode_id=&#8221;825261&#8243;]Con questo progetto, Anteas Roma rinnova la propria missione: portare solidariet\u00e0 nei quartieri, costruire fiducia attraverso la presenza, e restituire dignit\u00e0 e voce a chi, troppo spesso, resta ai margini.[\/vc_custom_heading][\/vc_column][vc_column column_width_percent=&#8221;100&#8243; gutter_size=&#8221;3&#8243; back_image=&#8221;156718&#8243; overlay_alpha=&#8221;50&#8243; shift_x=&#8221;0&#8243; shift_y=&#8221;0&#8243; shift_y_down=&#8221;0&#8243; z_index=&#8221;0&#8243; medium_width=&#8221;4&#8243; mobile_width=&#8221;0&#8243; zoom_width=&#8221;0&#8243; zoom_height=&#8221;0&#8243; width=&#8221;1\/2&#8243; mobile_height=&#8221;380&#8243; uncode_shortcode_id=&#8221;189629&#8243;][\/vc_column][\/vc_row][vc_row unlock_row_content=&#8221;yes&#8221; row_height_percent=&#8221;0&#8243; override_padding=&#8221;yes&#8221; h_padding=&#8221;7&#8243; top_padding=&#8221;5&#8243; bottom_padding=&#8221;5&#8243; back_color=&#8221;accent&#8221; overlay_alpha=&#8221;100&#8243; gutter_size=&#8221;4&#8243; column_width_percent=&#8221;100&#8243; shift_y=&#8221;0&#8243; z_index=&#8221;0&#8243; content_parallax=&#8221;0&#8243; style=&#8221;inherited&#8221; uncode_shortcode_id=&#8221;139195&#8243; back_color_type=&#8221;uncode-palette&#8221;][vc_column column_width_percent=&#8221;100&#8243; align_horizontal=&#8221;align_center&#8221; gutter_size=&#8221;4&#8243; style=&#8221;dark&#8221; font_family=&#8221;font-136269&#8243; overlay_alpha=&#8221;100&#8243; shift_x=&#8221;0&#8243; shift_y=&#8221;0&#8243; shift_y_down=&#8221;0&#8243; z_index=&#8221;0&#8243; medium_width=&#8221;0&#8243; mobile_width=&#8221;0&#8243; zoom_width=&#8221;0&#8243; zoom_height=&#8221;0&#8243; width=&#8221;1\/1&#8243; uncode_shortcode_id=&#8221;796142&#8243;][vc_custom_heading uncode_shortcode_id=&#8221;473996&#8243;]Risultati e successi[\/vc_custom_heading][vc_row_inner row_inner_height_percent=&#8221;0&#8243; overlay_alpha=&#8221;50&#8243; gutter_size=&#8221;2&#8243; shift_y=&#8221;0&#8243; z_index=&#8221;0&#8243; limit_content=&#8221;&#8221; uncode_shortcode_id=&#8221;205576&#8243;][vc_column_inner column_width_percent=&#8221;100&#8243; align_horizontal=&#8221;align_center&#8221; gutter_size=&#8221;3&#8243; style=&#8221;dark&#8221; overlay_alpha=&#8221;50&#8243; shift_x=&#8221;0&#8243; shift_y=&#8221;0&#8243; shift_y_down=&#8221;0&#8243; z_index=&#8221;0&#8243; medium_width=&#8221;3&#8243; mobile_width=&#8221;0&#8243; width=&#8221;1\/3&#8243; uncode_shortcode_id=&#8221;631948&#8243;][vc_single_image media=&#8221;2440&#8243; media_width_percent=&#8221;100&#8243; media_ratio=&#8221;three-four&#8221; alignment=&#8221;center&#8221; image=&#8221;2689&#8243; border_color=&#8221;grey&#8221; img_link_target=&#8221;_self&#8221; img_size=&#8221;full&#8221; uncode_shortcode_id=&#8221;131966&#8243;][vc_column_text uncode_shortcode_id=&#8221;344455&#8243;]01. Clean and minimal[\/vc_column_text][\/vc_column_inner][vc_column_inner column_width_percent=&#8221;100&#8243; align_horizontal=&#8221;align_center&#8221; gutter_size=&#8221;3&#8243; style=&#8221;dark&#8221; overlay_alpha=&#8221;50&#8243; shift_x=&#8221;0&#8243; shift_y=&#8221;0&#8243; shift_y_down=&#8221;0&#8243; z_index=&#8221;0&#8243; medium_width=&#8221;3&#8243; mobile_width=&#8221;0&#8243; width=&#8221;1\/3&#8243; uncode_shortcode_id=&#8221;126312&#8243;][vc_single_image media=&#8221;11297&#8243; media_width_percent=&#8221;100&#8243; media_ratio=&#8221;three-four&#8221; alignment=&#8221;center&#8221; image=&#8221;2689&#8243; border_color=&#8221;grey&#8221; img_link_target=&#8221;_self&#8221; img_size=&#8221;full&#8221; uncode_shortcode_id=&#8221;125311&#8243;][vc_column_text uncode_shortcode_id=&#8221;109267&#8243;]02. Premium design[\/vc_column_text][\/vc_column_inner][vc_column_inner column_width_percent=&#8221;100&#8243; align_horizontal=&#8221;align_center&#8221; gutter_size=&#8221;3&#8243; style=&#8221;dark&#8221; overlay_alpha=&#8221;50&#8243; shift_x=&#8221;0&#8243; shift_y=&#8221;0&#8243; shift_y_down=&#8221;0&#8243; z_index=&#8221;0&#8243; medium_width=&#8221;3&#8243; mobile_width=&#8221;0&#8243; width=&#8221;1\/3&#8243; uncode_shortcode_id=&#8221;615793&#8243;][vc_single_image media=&#8221;11296&#8243; media_width_percent=&#8221;100&#8243; media_ratio=&#8221;three-four&#8221; alignment=&#8221;center&#8221; image=&#8221;2689&#8243; border_color=&#8221;grey&#8221; img_link_target=&#8221;_self&#8221; img_size=&#8221;full&#8221; uncode_shortcode_id=&#8221;116377&#8243;][vc_column_text uncode_shortcode_id=&#8221;176532&#8243;]03. Lovely product[\/vc_column_text][\/vc_column_inner][\/vc_row_inner][\/vc_column][\/vc_row][vc_row unlock_row_content=&#8221;yes&#8221; row_height_percent=&#8221;0&#8243; override_padding=&#8221;yes&#8221; h_padding=&#8221;2&#8243; top_padding=&#8221;5&#8243; bottom_padding=&#8221;3&#8243; overlay_alpha=&#8221;50&#8243; gutter_size=&#8221;3&#8243; column_width_use_pixel=&#8221;yes&#8221; shift_y=&#8221;0&#8243; z_index=&#8221;2&#8243; top_divider=&#8221;step&#8221; enable_bottom_divider=&#8221;default&#8221; bottom_divider=&#8221;step&#8221; shape_bottom_h_use_pixel=&#8221;true&#8221; shape_bottom_height_percent=&#8221;20&#8243; shape_bottom_opacity=&#8221;100&#8243; shape_bottom_index=&#8221;0&#8243; content_parallax=&#8221;0&#8243; el_class=&#8221;video-container&#8221; uncode_shortcode_id=&#8221;179398&#8243; column_width_pixel=&#8221;1272&#8243; back_color_type=&#8221;uncode-solid&#8221; back_color_solid=&#8221;#f8f8fa&#8221;][vc_column column_width_percent=&#8221;100&#8243; align_horizontal=&#8221;align_center&#8221; gutter_size=&#8221;4&#8243; overlay_alpha=&#8221;50&#8243; shift_x=&#8221;0&#8243; shift_y=&#8221;0&#8243; shift_y_down=&#8221;0&#8243; z_index=&#8221;0&#8243; medium_width=&#8221;0&#8243; mobile_width=&#8221;0&#8243; width=&#8221;1\/1&#8243; uncode_shortcode_id=&#8221;212754&#8243;][vc_custom_heading uncode_shortcode_id=&#8221;668036&#8243;]Guarda il video[\/vc_custom_heading][vc_row_inner limit_content=&#8221;&#8221;][vc_column_inner column_width_percent=&#8221;100&#8243; align_horizontal=&#8221;align_center&#8221; gutter_size=&#8221;3&#8243; style=&#8221;dark&#8221; overlay_alpha=&#8221;50&#8243; shift_x=&#8221;0&#8243; shift_y=&#8221;0&#8243; shift_y_down=&#8221;0&#8243; z_index=&#8221;0&#8243; medium_width=&#8221;0&#8243; mobile_width=&#8221;0&#8243; width=&#8221;1\/1&#8243; uncode_shortcode_id=&#8221;898364&#8243;][vc_single_image media=&#8221;11299&#8243; media_width_percent=&#8221;100&#8243; media_ratio=&#8221;sixteen-nine&#8221; shape=&#8221;img-round&#8221; radius=&#8221;xs&#8221; uncode_shortcode_id=&#8221;721532&#8243;][vc_icon display=&#8221;absolute-center&#8221; icon=&#8221;fa fa-play&#8221; background_style=&#8221;fa-rounded&#8221; size=&#8221;fa-2x&#8221; icon_automatic=&#8221;yes&#8221; shadow=&#8221;yes&#8221; media_lightbox=&#8221;72008&#8243; uncode_shortcode_id=&#8221;469471&#8243;][\/vc_icon][\/vc_column_inner][\/vc_row_inner][\/vc_column][\/vc_row]<\/p>\n<\/div>","protected":false},"excerpt":{"rendered":"<p>Leverage agile frameworks to provide a robust synopsis for high level of overviews, iterative approaches to corporate strategy foster collaborative thinking to further the overall value proposition, at the end of the day, organically grow the world view of disruptive innovation via workplace diversity and empowerment.<\/p>\n","protected":false},"author":1,"featured_media":156719,"parent":0,"menu_order":0,"comment_status":"open","ping_status":"open","template":"","meta":{"footnotes":""},"portfolio_category":[70],"class_list":["post-156717","portfolio","type-portfolio","status-publish","has-post-thumbnail","hentry","portfolio_category-solidarieta"],"_links":{"self":[{"href":"https:\/\/www.anteasroma.it\/new\/wp-json\/wp\/v2\/portfolio\/156717","targetHints":{"allow":["GET"]}}],"collection":[{"href":"https:\/\/www.anteasroma.it\/new\/wp-json\/wp\/v2\/portfolio"}],"about":[{"href":"https:\/\/www.anteasroma.it\/new\/wp-json\/wp\/v2\/types\/portfolio"}],"author":[{"embeddable":true,"href":"https:\/\/www.anteasroma.it\/new\/wp-json\/wp\/v2\/users\/1"}],"replies":[{"embeddable":true,"href":"https:\/\/www.anteasroma.it\/new\/wp-json\/wp\/v2\/comments?post=156717"}],"version-history":[{"count":1,"href":"https:\/\/www.anteasroma.it\/new\/wp-json\/wp\/v2\/portfolio\/156717\/revisions"}],"predecessor-version":[{"id":156721,"href":"https:\/\/www.anteasroma.it\/new\/wp-json\/wp\/v2\/portfolio\/156717\/revisions\/156721"}],"wp:featuredmedia":[{"embeddable":true,"href":"https:\/\/www.anteasroma.it\/new\/wp-json\/wp\/v2\/media\/156719"}],"wp:attachment":[{"href":"https:\/\/www.anteasroma.it\/new\/wp-json\/wp\/v2\/media?parent=156717"}],"wp:term":[{"taxonomy":"portfolio_category","embeddable":true,"href":"https:\/\/www.anteasroma.it\/new\/wp-json\/wp\/v2\/portfolio_category?post=156717"}],"curies":[{"name":"wp","href":"https:\/\/api.w.org\/{rel}","templated":true}]}}